{"id":482,"date":"2021-08-16T12:48:07","date_gmt":"2021-08-16T10:48:07","guid":{"rendered":"http:\/\/medyk.wroclaw.dolnyslask.pl\/?page_id=482"},"modified":"2022-08-11T20:10:05","modified_gmt":"2022-08-11T18:10:05","slug":"technik-elektroradiolog","status":"publish","type":"page","link":"https:\/\/medyk.wroclaw.dolnyslask.pl\/index.php\/technik-elektroradiolog\/","title":{"rendered":"Technik elektroradiolog"},"content":{"rendered":"<p><em><img loading=\"lazy\" decoding=\"async\" class=\"wp-image-3284 alignleft\" src=\"http:\/\/medyk.wroclaw.dolnyslask.pl\/wp-content\/uploads\/2022\/08\/radiolodzy-300x300.png\" alt=\"\" width=\"236\" height=\"236\" srcset=\"https:\/\/medyk.wroclaw.dolnyslask.pl\/wp-content\/uploads\/2022\/08\/radiolodzy-300x300.png 300w, https:\/\/medyk.wroclaw.dolnyslask.pl\/wp-content\/uploads\/2022\/08\/radiolodzy-150x150.png 150w, https:\/\/medyk.wroclaw.dolnyslask.pl\/wp-content\/uploads\/2022\/08\/radiolodzy.png 539w\" sizes=\"auto, (max-width: 236px) 100vw, 236px\" \/><\/em><\/p>\n<p>SZKO\u0141A POLICEALNA MEDYCZNA we Wroc\u0142awiu jako JEDYNA na Dolnym \u015al\u0105sku kszta\u0142ci w zawodzie\u00a0<strong>TECHNIK ELEKTRORADIOLOG<\/strong>.<\/p>\n<p>W roku szkolnym 2006\/2007 kierunek przeniesiony z <strong>Medycznego Studium Zawodowego nr 1 przy ulicy Grunwaldzkiej.<\/strong><\/p>\n<p><strong>Technik elektroradiolog<\/strong>\u00a0&#8211; tworzy \u015bredni personel medyczny. W czasie nauki s\u0142uchacz zdobywa wiedz\u0119 i umiej\u0119tno\u015bci z zakresu fizycznych podstaw elektroradiologii, radiodiagnostyki, rentgenografii, radioterapii.<\/p>\n<p>Program nauczania przewiduje wyk\u0142ady i cwiczenia z przedmiot\u00f3w zawodowych, og\u00f3lnomedycznych oraz praktyczn\u0105 nauk\u0119 zawodu.<\/p>\n<p>Zaj\u0119cia odbywaj\u0105 si\u0119 w budynku szko\u0142y, przychodniach i szpitalach na terenie Wroc\u0142awia.<\/p>\n<p>Nauka trwa 2,5 roku (5 semestr\u00f3w), w trybie dziennym od poniedzia\u0142ku do pi\u0105tku i\u00a0 jest <strong>BEZP\u0141ATNA<\/strong>.<\/p>\n<p>Kandydaci przyjmowani s\u0105<strong>\u00a0BEZ OGRANICZE\u0143 WIEKOWYCH.<\/strong><\/p>\n<p>Absolwenci otrzymuj\u0105 Dyplom technika elektroradiologii oraz dwa suplementy w jezyku polskim i w jezyku angielskim.<\/p>\n<p>&nbsp;<\/p>\n<p><img loading=\"lazy\" decoding=\"async\" class=\" wp-image-3305 alignright\" src=\"http:\/\/medyk.wroclaw.dolnyslask.pl\/wp-content\/uploads\/2022\/08\/95896396_3072505836126550_1963322159086436352_n-e1660239274180-259x300.jpg\" alt=\"\" width=\"310\" height=\"359\" srcset=\"https:\/\/medyk.wroclaw.dolnyslask.pl\/wp-content\/uploads\/2022\/08\/95896396_3072505836126550_1963322159086436352_n-e1660239274180-259x300.jpg 259w, https:\/\/medyk.wroclaw.dolnyslask.pl\/wp-content\/uploads\/2022\/08\/95896396_3072505836126550_1963322159086436352_n-e1660239274180.jpg 720w\" sizes=\"auto, (max-width: 310px) 100vw, 310px\" \/>TECHNIK ELEKTRORADIOLOG ma szeroki wachlarz mo\u017cliwo\u015bci zatrudnienia, MO\u017bE PODEJMOWA\u0106 PRAC\u0118 W:<\/p>\n<ul>\n<li>pracowniach klasycznej i cyfrowej radiodiagnostyki<\/li>\n<li>pracowniach tomografii komputerowej i rezonansu magnetycznego<\/li>\n<li>pracowniach radioterapii<\/li>\n<li>pracowniach mammografii<\/li>\n<li>pracowniach stomatologicznych<\/li>\n<li>pracowniach bada\u0144 naczyniowych<\/li>\n<li>pracowniach densytometrii ko\u015b\u0107ca<\/li>\n<li>pracowniach EKG<\/li>\n<li>pracowniach diagnostyki oddechowej<\/li>\n<li>pracowniach audiologii<\/li>\n<li>pracowniach ultrasonografii<\/li>\n<li>innych podmiotach gospodarczych wyposa\u017conych w sprz\u0119t i aparatur\u0119 elektromedyczn\u0105 i radiologiczn\u0105.<\/li>\n<\/ul>\n<p><img loading=\"lazy\" decoding=\"async\" class=\"size-medium wp-image-3308 alignleft\" src=\"http:\/\/medyk.wroclaw.dolnyslask.pl\/wp-content\/uploads\/2022\/08\/204289116_258980349362134_566342367744022927_n-300x225.jpg\" alt=\"\" width=\"300\" height=\"225\" srcset=\"https:\/\/medyk.wroclaw.dolnyslask.pl\/wp-content\/uploads\/2022\/08\/204289116_258980349362134_566342367744022927_n-300x225.jpg 300w, https:\/\/medyk.wroclaw.dolnyslask.pl\/wp-content\/uploads\/2022\/08\/204289116_258980349362134_566342367744022927_n-768x576.jpg 768w, https:\/\/medyk.wroclaw.dolnyslask.pl\/wp-content\/uploads\/2022\/08\/204289116_258980349362134_566342367744022927_n.jpg 960w\" sizes=\"auto, (max-width: 300px) 100vw, 300px\" \/>Obecnie na rynku pracy poszukiwani s\u0105 dyplomowani technicy elektroradiologii. Prac\u0119 oferuj\u0105 szpitale, przychodnie pa\u0144stwowe oraz prywatne w kraju i za granic\u0105.<\/p>\n<p><strong>W szkole na kierunku technika elektroradiologii s\u0142uchacze wnosz\u0105 wp\u0142at\u0119 na Lokalny Komitet Narodowego Czynu Pomocy Szko\u0142y w wysoko\u015bci 150 z\u0142. w semestrze.<\/strong><\/p>\n<p><strong>PRZECIWWSKAZANIA ZDROWOTNE to:<\/strong><\/p>\n<p>choroby krwi, stan obni\u017conej odporno\u015bci uk\u0142adu immunologicznego, gru\u017alica.<\/p>\n<p>&nbsp;<\/p>\n<p><strong>LICZBA MIEJSC &#8211;<\/strong>\u00a030<\/p>\n<p>Wi\u0119cej informacji &#8211; <a href=\"http:\/\/www.farmadent.wroclaw.pl\/images\/stories\/szkola\/2012\/01\/03_technik_elektroradiolog\/informator_te.doc\">Informator o kierunku<\/a> \/ <a href=\"http:\/\/medyk.wroclaw.dolnyslask.pl\/wp-content\/uploads\/2022\/07\/Technik-Elektroradiolog-pdf.pdf\">Plan nauczania<\/a><\/p>\n<p>SZCZEG\u00d3\u0141OWE INFORMACJE W SEKRETARIACIE SZKO\u0141Y<\/p>\n<p>(poniedzia\u0142ek-pi\u0105tek w godz 8.00-15.00)<\/p>\n","protected":false},"excerpt":{"rendered":"<p>SZKO\u0141A POLICEALNA MEDYCZNA we Wroc\u0142awiu jako JEDYNA na Dolnym \u015al\u0105sku kszta\u0142ci w zawodzie\u00a0TECHNIK ELEKTRORADIOLOG. W roku szkolnym 2006\/2007 kierunek przeniesiony z Medycznego Studium Zawodowego nr 1 przy ulicy Grunwaldzkiej. Technik [&hellip;]<\/p>\n","protected":false},"author":1,"featured_media":0,"parent":0,"menu_order":0,"comment_status":"closed","ping_status":"closed","template":"","meta":{"footnotes":""},"class_list":["post-482","page","type-page","status-publish","hentry","clearfix"],"_links":{"self":[{"href":"https:\/\/medyk.wroclaw.dolnyslask.pl\/index.php\/wp-json\/wp\/v2\/pages\/482","targetHints":{"allow":["GET"]}}],"collection":[{"href":"https:\/\/medyk.wroclaw.dolnyslask.pl\/index.php\/wp-json\/wp\/v2\/pages"}],"about":[{"href":"https:\/\/medyk.wroclaw.dolnyslask.pl\/index.php\/wp-json\/wp\/v2\/types\/page"}],"author":[{"embeddable":true,"href":"https:\/\/medyk.wroclaw.dolnyslask.pl\/index.php\/wp-json\/wp\/v2\/users\/1"}],"replies":[{"embeddable":true,"href":"https:\/\/medyk.wroclaw.dolnyslask.pl\/index.php\/wp-json\/wp\/v2\/comments?post=482"}],"version-history":[{"count":7,"href":"https:\/\/medyk.wroclaw.dolnyslask.pl\/index.php\/wp-json\/wp\/v2\/pages\/482\/revisions"}],"predecessor-version":[{"id":3374,"href":"https:\/\/medyk.wroclaw.dolnyslask.pl\/index.php\/wp-json\/wp\/v2\/pages\/482\/revisions\/3374"}],"wp:attachment":[{"href":"https:\/\/medyk.wroclaw.dolnyslask.pl\/index.php\/wp-json\/wp\/v2\/media?parent=482"}],"curies":[{"name":"wp","href":"https:\/\/api.w.org\/{rel}","templated":true}]}}