{"id":655,"date":"2021-08-23T20:07:37","date_gmt":"2021-08-23T18:07:37","guid":{"rendered":"http:\/\/medyk.wroclaw.dolnyslask.pl\/?page_id=655"},"modified":"2021-08-23T20:08:57","modified_gmt":"2021-08-23T18:08:57","slug":"odplatnosc-za-nauke","status":"publish","type":"page","link":"https:\/\/medyk.wroclaw.dolnyslask.pl\/index.php\/ksztalcenie-cudzoziemcow\/odplatnosc-za-nauke\/","title":{"rendered":"Odp\u0142atno\u015b\u0107 za nauk\u0119"},"content":{"rendered":"<p>Z nauki w publicznych szko\u0142ach policealnych korzystaj\u0105 na warunkach dotycz\u0105cych obywateli polskich (tj. bezp\u0142atnie):<\/p>\n<p>1)\u00a0 obywatele pozosta\u0142ych 27 pa\u0144stw cz\u0142onkowskich Unii Europejskiej, pa\u0144stwa cz\u0142onkowskiego Europejskiego Stowarzyszenia o Wolnym Handlu (EFTA) \u2013 strony umowy o Europejskim\u00a0 Obszarze Gospodarczym (Islandia, Liechtenstein, Norwegia) i Konfederacji Szwajcarskiej, a tak\u017ce cz\u0142onkowie ich rodzin posiadaj\u0105cy prawo pobytu lub prawo sta\u0142ego pobytu;<\/p>\n<p>2)\u00a0 osoby pochodzenia polskiego w rozumieniu przepis\u00f3w o repatriacji;<\/p>\n<p>3)\u00a0 osoby, kt\u00f3rym na terytorium Rzeczypospolitej Polskiej udzielono: \u2013 zezwolenia na pobyt sta\u0142y; \u2013 ochrony uzupe\u0142niaj\u0105cej oraz cz\u0142onkowie ich rodzin; \u2013 zgody na pobyt tolerowany; \u2013 zgody na pobyt ze wzgl\u0119d\u00f3w humanitarnych oraz cz\u0142onkowie ich rodzin; \u2013 ochrony czasowej; \u2013 zezwolenia na pobyt rezydenta d\u0142ugoterminowego Unii Europejskiej; \u2013 zezwolenia na pobyt czasowy w zwi\u0105zku z okoliczno\u015bci\u0105, o kt\u00f3rej mowa w art. 127, art. 159 ust. 1, art. 176 lub art. 186 ust. 1 pkt 3 lub 4 ustawy z dnia 12 grudnia 2013 r. o cudzoziemcach (Dz. U. poz. 1650);<\/p>\n<p>4)\u00a0 osoby, kt\u00f3rym nadano status uchod\u017acy oraz cz\u0142onkowie ich rodzin;<\/p>\n<p>5)\u00a0 cz\u0142onkowie rodzin os\u00f3b ubiegaj\u0105cych si\u0119 o nadanie statusu uchod\u017acy;<\/p>\n<p>6)\u00a0 osoby posiadaj\u0105ce wa\u017cn\u0105 Kart\u0119 Polaka;<\/p>\n<p>7)\u00a0 osoby, dla kt\u00f3rych uprawnienie takie wynika z um\u00f3w mi\u0119dzynarodowych;<\/p>\n<p>8)\u00a0 osoby, kt\u00f3re posiadaj\u0105 kart\u0119 pobytu z adnotacj\u0105 \u201edost\u0119p do rynku pracy\u201d, wiz\u0119 Schengen lub wiz\u0119 krajow\u0105 wydan\u0105 w celu wykonywania pracy na terytorium Rzeczypospolitej Polskiej;<\/p>\n<p>9) stypendy\u015bci otrzymuj\u0105cy stypendia Ministra Edukacji Narodowej, organu prowadz\u0105cego szko\u0142\u0119 lub dyrektora szko\u0142y.<\/p>\n<p>W \u015bwietle przepisu art. 165 ust. 5 ustawy \u2013 Prawo o\u015bwiatowe, pozostali &#8211; niewymienieni w ust. 3 &#8211; cudzoziemcy mog\u0105 pobiera\u0107 nauk\u0119 w publicznych szko\u0142ach policealnych na warunkach odp\u0142atno\u015bci.<\/p>\n<p>Wysoko\u015b\u0107 odp\u0142atno\u015bci oraz spos\u00f3b wnoszenia op\u0142at, uwzgl\u0119dniaj\u0105cy przewidywane koszty kszta\u0142cenia oraz mo\u017cliwo\u015b\u0107 ca\u0142kowitego lub cz\u0119\u015bciowego zwolnienia z tej odp\u0142atno\u015bci ustala organ prowadz\u0105cy szko\u0142\u0119.<\/p>\n<p>Zgodnie z Zarz\u0105dzeniem Nr 88\/2019 Marsza\u0142ka Wojew\u00f3dztwa Dolno\u015bl\u0105skiego w sprawie <a href=\"\/wp-content\/uploads\/2021\/08\/w-sprawie-odplatnosci-za-nauke.pdf\" target=\"_blank\" rel=\"noopener\">ustalenia wysoko\u015bci odp\u0142atno\u015bci za korzystanie z nauki (pdf)<\/a>oraz za kszta\u0142cenie ustawiczne w formie kwalifikacyjnych kurs\u00f3w zawodowych w szko\u0142ach i plac\u00f3wkach prowadzonych przez Samorz\u0105d Wojew\u00f3dztwa Dolno\u015bl\u0105skiego ponoszonej przez osoby nieb\u0119d\u0105ce obywatelami polskimi oraz sposobu wnoszenia op\u0142at koszt kszta\u0142cenia za ka\u017cdy rok nauki wynosi 13 200 z\u0142.<\/p>\n<p>&nbsp;<\/p>\n<p>Link do \u017ar\u00f3d\u0142a:<\/p>\n<p><a href=\"https:\/\/www.gov.pl\/web\/edukacja\/informacja-o-ksztalceniu-cudzoziemcow-w-polskim-systemie-oswiaty\">https:\/\/www.gov.pl\/web\/edukacja\/informacja-o-ksztalceniu-cudzoziemcow-w-polskim-systemie-oswiaty<\/a><\/p>\n","protected":false},"excerpt":{"rendered":"<p>Z nauki w publicznych szko\u0142ach policealnych korzystaj\u0105 na warunkach dotycz\u0105cych obywateli polskich (tj. bezp\u0142atnie): 1)\u00a0 obywatele pozosta\u0142ych 27 pa\u0144stw cz\u0142onkowskich Unii Europejskiej, pa\u0144stwa cz\u0142onkowskiego Europejskiego Stowarzyszenia o Wolnym Handlu (EFTA) [&hellip;]<\/p>\n","protected":false},"author":1,"featured_media":0,"parent":182,"menu_order":0,"comment_status":"closed","ping_status":"closed","template":"","meta":{"footnotes":""},"class_list":["post-655","page","type-page","status-publish","hentry","clearfix"],"_links":{"self":[{"href":"https:\/\/medyk.wroclaw.dolnyslask.pl\/index.php\/wp-json\/wp\/v2\/pages\/655","targetHints":{"allow":["GET"]}}],"collection":[{"href":"https:\/\/medyk.wroclaw.dolnyslask.pl\/index.php\/wp-json\/wp\/v2\/pages"}],"about":[{"href":"https:\/\/medyk.wroclaw.dolnyslask.pl\/index.php\/wp-json\/wp\/v2\/types\/page"}],"author":[{"embeddable":true,"href":"https:\/\/medyk.wroclaw.dolnyslask.pl\/index.php\/wp-json\/wp\/v2\/users\/1"}],"replies":[{"embeddable":true,"href":"https:\/\/medyk.wroclaw.dolnyslask.pl\/index.php\/wp-json\/wp\/v2\/comments?post=655"}],"version-history":[{"count":1,"href":"https:\/\/medyk.wroclaw.dolnyslask.pl\/index.php\/wp-json\/wp\/v2\/pages\/655\/revisions"}],"predecessor-version":[{"id":660,"href":"https:\/\/medyk.wroclaw.dolnyslask.pl\/index.php\/wp-json\/wp\/v2\/pages\/655\/revisions\/660"}],"up":[{"embeddable":true,"href":"https:\/\/medyk.wroclaw.dolnyslask.pl\/index.php\/wp-json\/wp\/v2\/pages\/182"}],"wp:attachment":[{"href":"https:\/\/medyk.wroclaw.dolnyslask.pl\/index.php\/wp-json\/wp\/v2\/media?parent=655"}],"curies":[{"name":"wp","href":"https:\/\/api.w.org\/{rel}","templated":true}]}}